{"version":"1.0","provider_name":"Yellow","provider_url":"https:\/\/yellow.cafeblog.hu","author_name":"Lilil\u00e1ny","author_url":"https:\/\/yellow.cafeblog.hu\/author\/lililany\/","title":"Puzs\u00e9r kiosztotta Stohlt","html":"<p><strong>Stohl nem teszi zsebre, amit kapott a megmond\u00f3embert\u0151l.<\/strong><!--more--><\/p>\r\n<p>Stohl Andr\u00e1s a Class FM neten meghallgathat\u00f3 r\u00e1di\u00f3m\u0171sor\u00e1ban elemezte a <strong>Marton-\u00fcgyet<\/strong>. <a href=\"https:\/\/black.cafeblog.hu\/2017\/10\/24\/stohl-megszolalt-a-marton-ugyben\/\" target=\"_blank\" rel=\"noopener noreferrer\">Ebben azt mondta<\/a>, <strong>szerinte nem szexu\u00e1lis zaklat\u00e1s, ha egy f\u00e9rfi fogdos m\u00e1sokat, \u00e9s ezzel az er\u0151vel \u0151t is sokszor feljelenthett\u00e9k volna.<\/strong>\u00a0<\/p>\r\n<p><strong><em>\u201cAzt hiszitek, hogy egy Tesco-ban, vagy m\u00e1s hivatalban elmennek egy csapat\u00e9p\u00edt\u0151 tr\u00e9ningre, \u00e9s a f\u0151n\u00f6k nem dugja hal\u00e1lra a beosztottjait?\u201d<\/em><\/strong>\u00a0\u2013 fogalmazott Stohl.\u00a0<\/p>\r\n[caption id=\"attachment_2604\" align=\"alignnone\" width=\"600\"]<img class=\"size-full wp-image-2604\" src=\"https:\/\/yellow.cafeblog.hu\/files\/2017\/10\/puzs\u00e9r.jpg\" alt=\"\" width=\"600\" height=\"600\" \/> Forr\u00e1s: Facebook[\/caption]\r\n<p>Puzs\u00e9r R\u00f3bert - ahogy v\u00e1rtuk - reag\u00e1lt az elhangzottakra:<\/p>\r\n<blockquote>\r\n<p><strong><em>Gyal\u00e1zatos, ahogy Stohl Andr\u00e1s a kokainista m\u00e9diagecik j\u00f3l bej\u00e1ratott g\u00e1tl\u00e1stalans\u00e1g\u00e1val el\u0151adja, hogy mik\u00e9nt fogdossa a koll\u00e9gan\u0151je segg\u00e9t, meg hogy mik\u00e9nt b@ssz\u00e1k rongyosra a f\u0151n\u00f6k\u00f6k a csapat\u00e9p\u00edt\u0151 tr\u00e9ningeken a beosztottjaikat \u2013 \u00e9s szerinte ez \u00edgy a norm\u00e1lis, hiszen ilyenek a f\u00e9rfiak. Csakhogy nem a f\u00e9rifak ilyenek: Stohl Andr\u00e1s ilyen, tov\u00e1bb\u00e1 Stohl Andr\u00e1s hatalmas \u00e9s befoly\u00e1sos bar\u00e1tai ilyenek, mint p\u00e9ld\u00e1ul az a szexu\u00e1lis ragadz\u00f3, akit \u00e9ppen menteget. Most Stohl pr\u00f3b\u00e1lja elsik\u00e1lni a j\u00f3 haver \u00fcgy\u00e9t, ahogy neki is seg\u00edtettek egykor a haverok <\/em><\/strong><\/p>\r\n<\/blockquote>\r\n<p>- fogalmazott.\u00a0<\/p>\r\n<p>\u00cdme a teljes poszt, amiben <strong>Oroszl\u00e1n Szonj\u00e1ra is kit\u00e9r<\/strong>:\u00a0<\/p>\r\n<p>[embed]https:\/\/www.facebook.com\/Robert.Puzser\/posts\/1509272982481843[\/embed]<\/p>\r\n<p><strong>FRISSEN \u00c9RKEZETT: <a href=\"https:\/\/black.cafeblog.hu\/2017\/10\/25\/megvan-ki-lehetett-marton-laszlo-tarsa\/\" target=\"_blank\" rel=\"noopener noreferrer\">Megvan, ki lehetett Marton L\u00e1szl\u00f3 t\u00e1rsa<\/a><\/strong><\/p>","type":"rich","thumbnail_url":null,"thumbnail_width":null,"thumbnail_height":null}